{"id":234,"date":"2015-11-24T21:23:02","date_gmt":"2015-11-24T21:23:02","guid":{"rendered":"https:\/\/aikidoschule-lyss.ch\/aikidolyss2025\/leitung\/"},"modified":"2025-10-10T16:31:02","modified_gmt":"2025-10-10T15:31:02","slug":"leitung","status":"publish","type":"page","link":"https:\/\/aikidoschule-lyss.ch\/aikidolyss2025\/leitung\/","title":{"rendered":"Leitung"},"content":{"rendered":"\t\t<div data-elementor-type=\"wp-page\" data-elementor-id=\"234\" class=\"elementor elementor-234\" data-elementor-post-type=\"page\">\n\t\t\t\t<div class=\"elementor-element elementor-element-c2129bb e-flex e-con-boxed e-con e-parent\" data-id=\"c2129bb\" data-element_type=\"container\" data-e-type=\"container\">\n\t\t\t\t\t<div class=\"e-con-inner\">\n\t\t\t\t<div class=\"elementor-element elementor-element-5867480d elementor-widget elementor-widget-text-editor\" data-id=\"5867480d\" data-element_type=\"widget\" data-e-type=\"widget\" data-widget_type=\"text-editor.default\">\n\t\t\t\t<div class=\"elementor-widget-container\">\n\t\t\t\t\t\t\t\t\t<style>\ntable, th, td {\n  border: 1px solid black;\n  border-radius: 10px;\n}\ntr:nth-child(even) {\n  background-color: #ebebeb;\n}\nth, td {\n  padding: 10px;\n}\n<\/style>\n<div style=\"overflow-x: auto;\">\n<table style=\"width: 800px; height: 349px; margin: 0px auto;\">\n<thead>\n<tr>\n<td style=\"border-color: #ebebeb; width: 150px; height: 10px; background-color: #326ad1;\"><strong><span style=\"color: #ffffff;\">Name<\/span><\/strong><\/td>\n<td style=\"border-color: #ebebeb; width: 250px; height: 10px; background-color: #326ad1;\"><strong><span style=\"color: #ffffff;\">Funktion<\/span><\/strong><\/td>\n<td style=\"border-color: #ebebeb; width: 80px; height: 10px; background-color: #326ad1;\"><strong><span style=\"color: #ffffff;\">Grad<\/span><\/strong><\/td>\n<\/tr>\n<\/thead>\n<tbody>\n<tr>\n<td style=\"text-align: left;\">Claudio Caderas<strong>*<\/strong><\/td>\n<td style=\"text-align: left;\">Dojoleiter Aikidoschule Lyss<\/td>\n<td style=\"text-align: left;\">3. Dan<\/td>\n<\/tr>\n<tr>\n<td style=\"text-align: left;\">Thomas Moser<strong>**<\/strong><\/td>\n<td style=\"text-align: left;\">Chef Instruktor &#8220;Cercle d&#8217;Aikido&#8221;\nDojoleiter Aikido Bern\nStv. Trainer Aikidoschule Lyss<\/td>\n<td style=\"text-align: left;\">5. Dan<\/td>\n<\/tr>\n<tr>\n<td style=\"text-align: left;\">Sandra Bernaschina Moser<strong>**<\/strong><\/td>\n<td style=\"text-align: left;\">Haupttrainer Aikido Bern\nStv. Chef Instruktor &#8220;Cercle d&#8217;aikido&#8221;\nStv. Trainer Aikidoschule Lyss<\/td>\n<td style=\"text-align: left;\">4. Dan<\/td>\n<\/tr>\n<tr>\n<td style=\"text-align: left;\">Peter K\u00e4mpf<\/td>\n<td style=\"text-align: left;\">Stv. Trainer Aikidoschule Lyss<\/td>\n<td style=\"text-align: left;\">3. Dan<\/td>\n<\/tr>\n<tr>\n<td style=\"text-align: left;\">Nicole Pin<\/td>\n<td style=\"text-align: left;\">Stv. Trainer Aikidoschule Lyss<\/td>\n<td style=\"text-align: left;\">2. Dan<\/td>\n<\/tr>\n<tr>\n<td style=\"text-align: left;\"><\/td>\n<td style=\"text-align: left;\"><\/td>\n<td style=\"text-align: left;\"><\/td>\n<\/tr>\n<tr>\n<td style=\"vertical-align: top;\" colspan=\"2\"><em>Die Titel Shihan, Shidoin und Fukushidoin sind Unterrichtszertifikate. Die Tr\u00e4ger dieser Titel sind in ihrem Bereich f\u00fcr die Verbreitung und F\u00f6rderung des Aikido verantwortlich. <\/em><\/td>\n<td><\/td>\n<\/tr>\n<tr>\n<td style=\"vertical-align: top;\"><strong><sup><em>*<\/em><\/sup><\/strong><\/td>\n<td><em><strong>Fukushidoin<\/strong> (Pr\u00fcfungskompetenz: mit 2. Dan bis 3. Kyu, mit 3. Dan bis 1. Kyu) ist der niedrigste der drei Ehrentitel und bedeutet Assistenz Trainer<\/em><\/td>\n<td><\/td>\n<\/tr>\n<tr>\n<td style=\"vertical-align: top;\"><strong><sup><em>** <\/em><\/sup><\/strong><\/td>\n<td><em><strong>Shidoin<\/strong> (Pr\u00fcfungskompetenz bis 2. Dan) ist die mittlere Stufe der Ausbildnerzertifikate und bedeutet Haupttrainer.<\/em><\/td>\n<td><\/td>\n<\/tr>\n<tr>\n<td style=\"vertical-align: top;\"><strong><sup><em>*** <\/em><\/sup><\/strong><\/td>\n<td><em><strong>Shihan<\/strong> (wird ab 6. Dan vergeben) ist ein Lehrer oder Ausbilder und die oberste Stufe (Pr\u00fcfungskompetenz bis 4. Dan).<\/em><\/td>\n<td><\/td>\n<\/tr>\n<\/tbody>\n<\/table>\n<\/div>\t\t\t\t\t\t\t\t<\/div>\n\t\t\t\t<\/div>\n\t\t\t\t\t<\/div>\n\t\t\t\t<\/div>\n\t\t\t\t<\/div>\n\t\t","protected":false},"excerpt":{"rendered":"<p>Name Funktion Grad Claudio Caderas* Dojoleiter Aikidoschule Lyss 3. Dan Thomas Moser** Chef [&hellip;]<\/p>\n","protected":false},"author":1,"featured_media":0,"parent":0,"menu_order":24,"comment_status":"closed","ping_status":"closed","template":"","meta":{"_crdt_document":"","_price":"","_stock":"","_tribe_ticket_header":"","_tribe_default_ticket_provider":"","_tribe_ticket_capacity":"0","_ticket_start_date":"","_ticket_end_date":"","_tribe_ticket_show_description":"","_tribe_ticket_show_not_going":false,"_tribe_ticket_use_global_stock":"","_tribe_ticket_global_stock_level":"","_global_stock_mode":"","_global_stock_cap":"","_tribe_rsvp_for_event":"","_tribe_ticket_going_count":"","_tribe_ticket_not_going_count":"","_tribe_tickets_list":"[]","_tribe_ticket_has_attendee_info_fields":false,"_kadence_starter_templates_imported_post":false,"footnotes":"","_tec_slr_enabled":"","_tec_slr_layout":""},"class_list":["post-234","page","type-page","status-publish","hentry"],"ticketed":false,"_links":{"self":[{"href":"https:\/\/aikidoschule-lyss.ch\/aikidolyss2025\/wp-json\/wp\/v2\/pages\/234","targetHints":{"allow":["GET"]}}],"collection":[{"href":"https:\/\/aikidoschule-lyss.ch\/aikidolyss2025\/wp-json\/wp\/v2\/pages"}],"about":[{"href":"https:\/\/aikidoschule-lyss.ch\/aikidolyss2025\/wp-json\/wp\/v2\/types\/page"}],"author":[{"embeddable":true,"href":"https:\/\/aikidoschule-lyss.ch\/aikidolyss2025\/wp-json\/wp\/v2\/users\/1"}],"replies":[{"embeddable":true,"href":"https:\/\/aikidoschule-lyss.ch\/aikidolyss2025\/wp-json\/wp\/v2\/comments?post=234"}],"version-history":[{"count":18,"href":"https:\/\/aikidoschule-lyss.ch\/aikidolyss2025\/wp-json\/wp\/v2\/pages\/234\/revisions"}],"predecessor-version":[{"id":781,"href":"https:\/\/aikidoschule-lyss.ch\/aikidolyss2025\/wp-json\/wp\/v2\/pages\/234\/revisions\/781"}],"wp:attachment":[{"href":"https:\/\/aikidoschule-lyss.ch\/aikidolyss2025\/wp-json\/wp\/v2\/media?parent=234"}],"curies":[{"name":"wp","href":"https:\/\/api.w.org\/{rel}","templated":true}]}}