{"id":239,"date":"2016-01-20T19:19:03","date_gmt":"2016-01-20T19:19:03","guid":{"rendered":"https:\/\/aikidoschule-lyss.ch\/aikidolyss2025\/probetraining-und-kursbeginn\/"},"modified":"2025-05-27T12:36:54","modified_gmt":"2025-05-27T12:36:54","slug":"probetraining-und-kursbeginn","status":"publish","type":"page","link":"https:\/\/aikidoschule-lyss.ch\/aikidolyss2025\/probetraining-und-kursbeginn\/","title":{"rendered":"Probetraining und Kursbeginn"},"content":{"rendered":"<h3>Probetraining (Dauer und Preis)<\/h3>\n<ul>\n<li>Einstieg jederzeit und ohne Anmeldung m\u00f6glich.<\/li>\n<li>Der 1. Monat ist gratis<\/li>\n<\/ul>\n<p>Danach entscheiden sie ob sie aufh\u00f6ren wollen oder mit dem Aikido-Training weitermachen.<\/p>\n<h3>Ausr\u00fcstung f\u00fcr das Probetraining<\/h3>\n<p>Die ben\u00f6tigte Ausr\u00fcstung f\u00fcr das Probetraining oder den Probemonat sind:<\/p>\n<ul>\n<li>eine lange Trainerhose<\/li>\n<li>ein T-Shirt<\/li>\n<li>ein grosses Badetuch\/Duschmittel wenn im Dojo geduscht wird.<\/li>\n<\/ul>\n<h3>Versicherungsdeckung<\/h3>\n<p>Der Trainierende oder seine gesetztlichen Vertreter sind f\u00fcr die notwendige Versicherungsdeckung verantwortlich (Unfall\/privat Haftpflicht).<\/p>\n<h3>Wie weiter nach dem Probetraining<\/h3>\n<p>Somit erhalten sie gen\u00fcgend Zeit um einen besseren Einblick zu erhalten und sich dann nach diesem Monat zu entscheiden ob Aikido nun ihr Herz erobert hat und nun ein Teil ihres Lebens wird oder sie noch ganz andere Facetten im vielf\u00e4lltigen Sportangebot testen wollen.<\/p>\n<p>Sollten Sie sich f\u00fcr Aikido entscheiden werden Sie als neues Mitglied der Aikidoschule Lyss, des Aikido-Verbands &#8220;<span style=\"color: #0000ff;\"><strong><a href=\"http:\/\/www.aikikai.ch\/\" target=\"_blank\" rel=\"noopener noreferrer\" style=\"color: #0000ff;\">ACSA<\/a><\/strong><\/span>&#8221; (zu welchem die Aikidoschule-Lyss geh\u00f6rt) sowie der Vereinigung &#8220;<span style=\"color: #0000ff;\"><strong><a href=\"https:\/\/aikidoschule-lyss.ch\/aikidolyss2025\/cercle-d-aikido\/\" style=\"color: #0000ff;\">Cercle d&#8217;aikido<\/a><\/strong><\/span>&#8221; von diversen Vorteilen zu einem geringen <span style=\"color: #0000ff;\"><strong><a href=\"index.php?option=com_content&amp;view=article&amp;id=4&amp;catid=2&amp;Itemid=120\" style=\"color: #0000ff;\">Preis<\/a><\/strong><\/span> profitieren k\u00f6nnen.<\/p>\n<p>Gerne f\u00fchren wir sie in diese Kampfkunst ein.<\/p>\n<p>&nbsp;<\/p>\n<p><img decoding=\"async\" src=\"images\/Aikidoschule\/Bilder\/1277dce7-0b19-4dcd-d821-90dc703d69e4.jpg\" alt=\"\" style=\"display: block; margin-left: auto; margin-right: auto;\" \/>&nbsp;<\/p>\n","protected":false},"excerpt":{"rendered":"<p>Probetraining (Dauer und Preis) Einstieg jederzeit und ohne Anmeldung m\u00f6glich. Der 1. Monat [&hellip;]<\/p>\n","protected":false},"author":1,"featured_media":0,"parent":0,"menu_order":0,"comment_status":"closed","ping_status":"closed","template":"","meta":{"_crdt_document":"","_price":"","_stock":"","_tribe_ticket_header":"","_tribe_default_ticket_provider":"","_tribe_ticket_capacity":"0","_ticket_start_date":"","_ticket_end_date":"","_tribe_ticket_show_description":"","_tribe_ticket_show_not_going":false,"_tribe_ticket_use_global_stock":"","_tribe_ticket_global_stock_level":"","_global_stock_mode":"","_global_stock_cap":"","_tribe_rsvp_for_event":"","_tribe_ticket_going_count":"","_tribe_ticket_not_going_count":"","_tribe_tickets_list":"[]","_tribe_ticket_has_attendee_info_fields":false,"_kadence_starter_templates_imported_post":false,"footnotes":"","_tec_slr_enabled":"","_tec_slr_layout":""},"class_list":["post-239","page","type-page","status-publish","hentry"],"ticketed":false,"_links":{"self":[{"href":"https:\/\/aikidoschule-lyss.ch\/aikidolyss2025\/wp-json\/wp\/v2\/pages\/239","targetHints":{"allow":["GET"]}}],"collection":[{"href":"https:\/\/aikidoschule-lyss.ch\/aikidolyss2025\/wp-json\/wp\/v2\/pages"}],"about":[{"href":"https:\/\/aikidoschule-lyss.ch\/aikidolyss2025\/wp-json\/wp\/v2\/types\/page"}],"author":[{"embeddable":true,"href":"https:\/\/aikidoschule-lyss.ch\/aikidolyss2025\/wp-json\/wp\/v2\/users\/1"}],"replies":[{"embeddable":true,"href":"https:\/\/aikidoschule-lyss.ch\/aikidolyss2025\/wp-json\/wp\/v2\/comments?post=239"}],"version-history":[{"count":1,"href":"https:\/\/aikidoschule-lyss.ch\/aikidolyss2025\/wp-json\/wp\/v2\/pages\/239\/revisions"}],"predecessor-version":[{"id":272,"href":"https:\/\/aikidoschule-lyss.ch\/aikidolyss2025\/wp-json\/wp\/v2\/pages\/239\/revisions\/272"}],"wp:attachment":[{"href":"https:\/\/aikidoschule-lyss.ch\/aikidolyss2025\/wp-json\/wp\/v2\/media?parent=239"}],"curies":[{"name":"wp","href":"https:\/\/api.w.org\/{rel}","templated":true}]}}